{"id":5075,"date":"2024-07-05T12:23:52","date_gmt":"2024-07-05T15:23:52","guid":{"rendered":"https:\/\/www.clayss.org\/materiales-19-seminario\/"},"modified":"2024-07-25T02:51:14","modified_gmt":"2024-07-25T05:51:14","slug":"materials-19th","status":"publish","type":"page","link":"https:\/\/test.clayss.org\/en\/materials-19th\/","title":{"rendered":"materials 19th"},"content":{"rendered":"<div class=\"row row-collapse row-full-width align-equal\"  id=\"row-1541271193\">\n\n\t<div id=\"col-531111789\" class=\"col medium-8 small-12 large-8\"  >\n\t\t\t\t<div class=\"col-inner\"  >\n\t\t\t\n\t\t\t\n\n  <div class=\"banner has-hover\" id=\"banner-2093553018\">\n          <div class=\"banner-inner fill\">\n        <div class=\"banner-bg fill\" >\n            <img loading=\"lazy\" decoding=\"async\" width=\"1020\" height=\"401\" src=\"https:\/\/test.clayss.org\/wp-content\/uploads\/2024\/02\/19-1024x403.jpg\" class=\"bg attachment-large size-large\" alt=\"\" \/>                                    \n                    <\/div>\n\t\t\n        <div class=\"banner-layers container\">\n            <div class=\"fill banner-link\"><\/div>            \n        <\/div>\n      <\/div>\n\n            \n<style>\n#banner-2093553018 {\n  padding-top: 65%;\n  background-color: rgb(242, 145, 0);\n}\n@media (min-width:550px) {\n  #banner-2093553018 {\n    padding-top: 500px;\n  }\n}\n<\/style>\n  <\/div>\n\n\n\t\t<\/div>\n\t\t\t\t\t<\/div>\n\n\t\n\n\t<div id=\"col-811329581\" class=\"col medium-4 small-12 large-4\"  >\n\t\t\t\t<div class=\"col-inner\" style=\"background-color:rgb(242, 145, 0);\" >\n\t\t\t\n\t\t\t\n<div class=\"row row-collapse row-full-width align-equal\"  id=\"row-1115199078\">\n\n\n\t<div id=\"col-218136459\" class=\"col small-12 large-12\"  >\n\t\t\t\t<div class=\"col-inner dark\" style=\"background-color:rgb(242, 145, 0);\" >\n\t\t\t\n\t\t\t\n\n<h2>Previous Conferences materials<\/h2>\n\t<div id=\"gap-454445359\" class=\"gap-element clearfix\" style=\"display:block; height:auto;\">\n\t\t\n<style>\n#gap-454445359 {\n  padding-top: 10%;\n}\n<\/style>\n\t<\/div>\n\t\n\n\t<div class=\"ux-menu stack stack-col justify-start ux-menu--divider-solid\">\n\t\t\n\n\t<div class=\"ux-menu-link flex menu-item menuflecha\">\n\t\t<a class=\"ux-menu-link__link flex\" href=\"https:\/\/seminario.clayss.org\/2024\/en\/\" target=\"_blank\" rel=\"noopener\">\n\t\t\t<i class=\"ux-menu-link__icon text-center icon-angle-right\" aria-hidden=\"true\"><\/i>\t\t\t<span class=\"ux-menu-link__text\">\n\t\t\t\tInternational Service-Learning Conference\t\t\t<\/span>\n\t\t<\/a>\n\t<\/div>\n\t\n\n\t<div class=\"ux-menu-link flex menu-item menuflecha\">\n\t\t<a class=\"ux-menu-link__link flex\" href=\"https:\/\/www.clayss.org\/en\/previous-conferences-materials\/\" >\n\t\t\t<i class=\"ux-menu-link__icon text-center icon-angle-right\" aria-hidden=\"true\"><\/i>\t\t\t<span class=\"ux-menu-link__text\">\n\t\t\t\tPrevious Conferences Materials\t\t\t<\/span>\n\t\t<\/a>\n\t<\/div>\n\t\n\n\t<div class=\"ux-menu-link flex menu-item menuflecha\">\n\t\t<a class=\"ux-menu-link__link flex\" href=\"https:\/\/www.clayss.org\/archivos-del-ministerio-de-educacion\/\" target=\"_blank\" rel=\"noopener\">\n\t\t\t<i class=\"ux-menu-link__icon text-center icon-angle-right\" aria-hidden=\"true\"><\/i>\t\t\t<span class=\"ux-menu-link__text\">\n\t\t\t\tProceedings of past International Service-Learning Conferences\t\t\t<\/span>\n\t\t<\/a>\n\t<\/div>\n\t\n\n\n\t<\/div>\n\t\n\n\t\t<\/div>\n\t\t\t\t\n<style>\n#col-218136459 > .col-inner {\n  padding: 30px 30px 30px 30px;\n  margin: 0px 0px 0px 0px;\n}\n<\/style>\n\t<\/div>\n\n\t\n\n\n<style>\n#row-1115199078 > .col > .col-inner {\n  background-color: rgb(248, 177, 51);\n}\n<\/style>\n<\/div>\n\t\t<\/div>\n\t\t\t\t\t<\/div>\n\n\t\n<\/div>\n<div class=\"row align-equal\"  id=\"row-1979655324\">\n\n\t<div id=\"col-1608882969\" class=\"col small-12 large-12\"  >\n\t\t\t\t<div class=\"col-inner\"  >\n\t\t\t\n\t\t\t\n<span class=\"scroll-to\" data-label=\"Scroll to: #publicaciones-academicas\" data-bullet=\"false\" data-link=\"#publicaciones-academicas\" data-title=\"Publicaciones academicas\"><a name=\"publicaciones-academicas\"><\/a><\/span>\n\t<div id=\"text-3524113924\" class=\"text titulo\">\n\t\t\n<p style=\"margin: 0;\"><span style=\"font-family: 'Montserrat'; margin: 0;\">19th International Service-Learning Conference<\/span><\/p>\n\t\t\n<style>\n#text-3524113924 {\n  font-size: 1.5rem;\n  line-height: 1.25;\n  text-align: center;\n  color: #bd1622;\n}\n#text-3524113924 > * {\n  color: #bd1622;\n}\n@media (min-width:550px) {\n  #text-3524113924 {\n    font-size: 1.95rem;\n  }\n}\n<\/style>\n\t<\/div>\n\t\n<div class=\"is-divider divider clearfix\" style=\"margin-top:0px;margin-bottom:0px;max-width:100%;background-color:rgb(167, 51, 54);\"><\/div>\n\t<div id=\"gap-893844382\" class=\"gap-element clearfix\" style=\"display:block; height:auto;\">\n\t\t\n<style>\n#gap-893844382 {\n  padding-top: 30px;\n}\n<\/style>\n\t<\/div>\n\t\n<div class=\"row\"  id=\"row-2030551537\">\n\n\t<div id=\"col-503203761\" class=\"col medium-6 small-12 large-6\"  >\n\t\t\t\t<div class=\"col-inner\"  >\n\t\t\t\n\t\t\t\n<div class=\"pricing-table-wrapper\">\n  <div class=\"pricing-table ux_price_table text-center box-shadow-3-hover\">\n    <div class=\"pricing-table-header\">\n      <div class=\"title uppercase strong\">AGENDA<\/div>\n      <div class=\"price is-xxlarge\">2016<\/div>\n              <div class=\"description is-small\">\n          Agenda completa del 19\u00b0 Seminario        <\/div>\n          <\/div>\n    <div class=\"pricing-table-items items\">\n      \n    <\/div>\n      <\/div>\n<\/div>\n\n\n<div class=\"pricing-table-wrapper\">\n  <div class=\"pricing-table ux_price_table text-center box-shadow-3-hover\">\n    <div class=\"pricing-table-header\">\n      <div class=\"title uppercase strong\">JUEVES<\/div>\n      <div class=\"price is-xxlarge\">25 de Agosto<\/div>\n          <\/div>\n    <div class=\"pricing-table-items items\">\n      \n<div class=\"bullet-item\" title=\"\"><span class=\"text\">PLENARIO: Aprendizaje y servicio solidario<\/span><\/div>\n<a href=\"https:\/\/www.clayss.org.ar\/seminario\/anteriores\/19_sem_materiales_16\/25_0900_19Sem_NT.pdf\" target=\"_blank\" class=\"button alert is-link is-small lowercase\" rel=\"noopener\" >\n\t\t<span>Prof. Mar\u00eda Nieves Tapia, Directora, CLAYSS.<\/span>\n\t<\/a>\n\n<a href=\"https:\/\/youtu.be\/al9_3nRQ3rA\" target=\"_blank\" class=\"button alert is-link is-small lowercase\" rel=\"noopener\" >\n\t\t<span>video 1<\/span>\n\t<\/a>\n\n<a href=\"https:\/\/youtu.be\/DGjQDAW7RcQ\" target=\"_blank\" class=\"button alert is-link is-small lowercase\" rel=\"noopener\" >\n\t\t<span>video 2<\/span>\n\t<\/a>\n\n<div class=\"bullet-item\" title=\"\"><span class=\"text\">PLENARIO: Aprendizaje y servicio solidario en la experiencia internacional. Modera: Enrique Ochoa, Director Ejecutivo, CLAYSS.<\/span><\/div>\n<a href=\"https:\/\/www.youtube.com\/watch?v=MtUkMk6XbDM\" target=\"_blank\" class=\"button alert is-link is-small lowercase\" rel=\"noopener\" >\n\t\t<span>Gerardo Borggio, Escuela T\u00e9cnica Superior UTU Pedro Blanes Viale de Mercedes, Soriano, Uruguay. (video)<\/span>\n\t<\/a>\n\n<a class=\"button alert is-link is-small lowercase\" >\n\t\t<span>Edina Malki\u0107, Directora, MIOS, Bosnia-Herzegovina.<\/span>\n\t<\/a>\n\n<a href=\"https:\/\/www.clayss.org.ar\/seminario\/anteriores\/19_sem_materiales_16\/25_1130_Malkic.pptx\" target=\"_blank\" class=\"button alert is-link is-small lowercase\" rel=\"noopener\" >\n\t\t<span>presentaci\u00f3n<\/span>\n\t<\/a>\n\n<a href=\"https:\/\/www.youtube.com\/watch?v=9qm1ZNe-e2c\" target=\"_blank\" class=\"button alert is-link is-small lowercase\" rel=\"noopener\" >\n\t\t<span>video<\/span>\n\t<\/a>\n\n<a class=\"button alert is-link is-small lowercase\" >\n\t\t<span>Alida Van Dyk y Cuzette Du Plessis, Universidad de Fort Hare, Sud\u00e1frica.<\/span>\n\t<\/a>\n\n<a href=\"https:\/\/www.clayss.org.ar\/seminario\/anteriores\/19_sem_materiales_16\/25_1130_Alida-Cuzette.pptx\" target=\"_blank\" class=\"button alert is-link is-small lowercase\" rel=\"noopener\" >\n\t\t<span>presentaci\u00f3n<\/span>\n\t<\/a>\n\n<a href=\"https:\/\/www.youtube.com\/watch?v=8siT3t-Mmjw\" target=\"_blank\" class=\"button alert is-link is-small lowercase\" rel=\"noopener\" >\n\t\t<span>video<\/span>\n\t<\/a>\n\n<div class=\"bullet-item\" title=\"\"><span class=\"text\">SESIONES SIMULT\u00c1NEAS<\/span><\/div>\n<div class=\"bullet-item\" title=\"\"><span class=\"text\">TALLER: C\u00f3mo iniciar un proyecto de aprendizaje-servicio solidario en la escuela (Inicial, Primaria y Secundaria) y la Educaci\u00f3n Superior.<\/span><\/div>\n<a href=\"https:\/\/www.clayss.org.ar\/seminario\/anteriores\/19_sem_materiales_16\/25_1430_%2001_Cornejo.ppt\" target=\"_blank\" class=\"button alert is-link is-small lowercase\" rel=\"noopener\" >\n\t\t<span>Exposici\u00f3n inicial y coordinaci\u00f3n: Lorena Yaber, CLAYSS y Sebasti\u00e1n Puglisi, Universidad Nacional de Mar del Plata-CLAYSS. Invitado: Jorge Esteban Cornejo, Universidad Central de Chile.<\/span>\n\t<\/a>\n\n<div class=\"bullet-item\" title=\"\"><span class=\"text\">PANEL: El aprendizaje-servicio en el nivel inicial y la escuela primaria. Modera: Gabriela Hillar, PNES<\/span><\/div>\n<a href=\"https:\/\/www.clayss.org.ar\/seminario\/anteriores\/19_sem_materiales_16\/25_1430_%2002_Capitandelosandes.ppt\" target=\"_blank\" class=\"button alert is-link is-small lowercase\" rel=\"noopener\" >\n\t\t<span>Adriana Acu\u00f1a, Escuela \u201cCapit\u00e1n de los Andes\u201d, San Miguel de Tucum\u00e1n.<\/span>\n\t<\/a>\n\n<a href=\"https:\/\/www.clayss.org.ar\/seminario\/anteriores\/19_sem_materiales_16\/25_1430_%2002_JuanJosePaso.pptx\" target=\"_blank\" class=\"button alert is-link is-small lowercase\" rel=\"noopener\" >\n\t\t<span>Mariela Giordano, Escuela \u201cJuan Jos\u00e9 Paso\u201d, Las Tapias, San Juan.<\/span>\n\t<\/a>\n\n<a href=\"https:\/\/www.clayss.org.ar\/seminario\/anteriores\/19_sem_materiales_16\/25_1430_%2002_Capdevilla.ppt\" target=\"_blank\" class=\"button alert is-link is-small lowercase\" rel=\"noopener\" >\n\t\t<span><\/span>\n\t<\/a>\n\n<div class=\"bullet-item\" title=\"\"><span class=\"text\">PANEL: Institucionalizaci\u00f3n del aprendizaje-servicio solidario en la escuela secundaria. Modera: Alejandro Gimelli, CLAYSS.<\/span><\/div>\n<a href=\"https:\/\/www.clayss.org.ar\/seminario\/anteriores\/19_sem_materiales_16\/25_1430_%2003_AbelCosta.pptx\" target=\"_blank\" class=\"button alert is-link is-small lowercase\" rel=\"noopener\" >\n\t\t<span>Daniela Schvartz, Colegio Polimodal N\u00ba 11 \u201cAbel Acosta\u201d, Santa Mar\u00eda de Catamarca.<\/span>\n\t<\/a>\n\n<a href=\"https:\/\/www.clayss.org.ar\/seminario\/anteriores\/19_sem_materiales_16\/25_1430_%2003_Concepcion.pptx\" target=\"_blank\" class=\"button alert is-link is-small lowercase\" rel=\"noopener\" >\n\t\t<span>Eugenia Cerna y Eugenia Urrutia, Colegio Concepci\u00f3n, Chile.<\/span>\n\t<\/a>\n\n<a href=\"https:\/\/www.clayss.org.ar\/seminario\/anteriores\/19_sem_materiales_16\/25_1430_%2003_Rurales.pdf\" target=\"_blank\" class=\"button alert is-link is-small lowercase\" rel=\"noopener\" >\n\t\t<span><\/span>\n\t<\/a>\n\n<a href=\"https:\/\/www.clayss.org.ar\/seminario\/anteriores\/19_sem_materiales_16\/25_1430_%2003_CostaRica.ppt\" target=\"_blank\" class=\"button alert is-link is-small lowercase\" rel=\"noopener\" >\n\t\t<span>Comenta: Alberto Croce, Director, \u201cTransformar la Secundaria\u201d.<\/span>\n\t<\/a>\n\n<div class=\"bullet-item\" title=\"\"><span class=\"text\">PANEL: Aprendizaje-servicio y formaci\u00f3n docente. Modera: Gabriela Malacrida, INFOD-CLAYSS.<\/span><\/div>\n<a href=\"https:\/\/www.clayss.org.ar\/seminario\/anteriores\/19_sem_materiales_16\/25_1430_%2004_DiazDuran.pdf\" target=\"_blank\" class=\"button alert is-link is-small lowercase\" rel=\"noopener\" >\n\t\t<span>Guillermo Diaz, IFD San Jos\u00e9, Uruguay.<\/span>\n\t<\/a>\n\n<a href=\"https:\/\/www.clayss.org.ar\/seminario\/anteriores\/19_sem_materiales_16\/25_1430_%2004_UCSH.pdf\" target=\"_blank\" class=\"button alert is-link is-small lowercase\" rel=\"noopener\" >\n\t\t<span>Ethel Trengove y Magal\u00ed Espech, Facultad de Educaci\u00f3n, Universidad Silva Henr\u00edquez, Chile.<\/span>\n\t<\/a>\n\n<a href=\"https:\/\/www.clayss.org.ar\/seminario\/anteriores\/19_sem_materiales_16\/25_1430_%2004_BAA.pptx\" target=\"_blank\" class=\"button alert is-link is-small lowercase\" rel=\"noopener\" >\n\t\t<span>Nicole Ernst Juzan, Facultad de Educaci\u00f3n, Universidad Cat\u00f3lica de Temuco, Chile.<\/span>\n\t<\/a>\n\n<a href=\"https:\/\/www.clayss.org.ar\/seminario\/anteriores\/19_sem_materiales_16\/25_1430_%2004_47Olavarria.pptx\" target=\"_blank\" class=\"button alert is-link is-small lowercase\" rel=\"noopener\" >\n\t\t<span>Gabriel Coronel, ISFD N\u00b0 47, Olavarr\u00eda, Provincia de Buenos Aires.<\/span>\n\t<\/a>\n\n<div class=\"bullet-item\" title=\"\"><span class=\"text\">PANEL: Programas institucionales de aprendizaje-servicio solidario en la Educaci\u00f3n Superior. Modera: Isabel Hevia, CLAYSS.<\/span><\/div>\n<a href=\"https:\/\/www.clayss.org.ar\/seminario\/anteriores\/19_sem_materiales_16\/25_1430_05_miguez.pdf\" target=\"_blank\" class=\"button alert is-link is-small lowercase\" rel=\"noopener\" >\n\t\t<span>Marcelo M\u00edguez, Facultad de Veterinaria, UBA.<\/span>\n\t<\/a>\n\n<a href=\"https:\/\/www.clayss.org.ar\/seminario\/anteriores\/19_sem_materiales_16\/25_1430_05_castro.pptx\" target=\"_blank\" class=\"button alert is-link is-small lowercase\" rel=\"noopener\" >\n\t\t<span>Juan Marcelo Castro Riquelme, Facultad de Educaci\u00f3n, Universidad Cat\u00f3lica de la Sant\u00edsima Concepci\u00f3n, Chile.<\/span>\n\t<\/a>\n\n<a href=\"https:\/\/www.clayss.org.ar\/seminario\/anteriores\/19_sem_materiales_16\/25_1430_05_brozmanova.pptx\" target=\"_blank\" class=\"button alert is-link is-small lowercase\" rel=\"noopener\" >\n\t\t<span>Martina Kubealakov\u00e1 y Al\u017ebeta Brozmanov\u00e1 Gregorov\u00e1, Matej Bel University in Bansk\u00e1 Bystrica, Eslovaquia.<\/span>\n\t<\/a>\n\n<a href=\"https:\/\/www.clayss.org.ar\/seminario\/anteriores\/19_sem_materiales_16\/25_1430_05_ortega.pptx\" target=\"_blank\" class=\"button alert is-link is-small lowercase\" rel=\"noopener\" >\n\t\t<span>Gast\u00f3n Ortega, Universidad Centroamericana, Nicaragua.<\/span>\n\t<\/a>\n\n<a href=\"https:\/\/www.clayss.org.ar\/seminario\/anteriores\/19_sem_materiales_16\/25_1430_05_espino.ppt\" target=\"_blank\" class=\"button alert is-link is-small lowercase\" rel=\"noopener\" >\n\t\t<span>Erasto Espino, Universidad Santa Mar\u00eda la Antigua, Panam\u00e1.<\/span>\n\t<\/a>\n\n<div class=\"bullet-item\" title=\"\"><span class=\"text\">PANEL: Aprendizaje-servicio solidario en el campo de las Ciencias Econ\u00f3micas. Coordina: Graciela del Campo, PNES- CLAYSS.<\/span><\/div>\n<a href=\"https:\/\/www.clayss.org.ar\/seminario\/anteriores\/19_sem_materiales_16\/25_1430_06_Santiago.pdf\" target=\"_blank\" class=\"button alert is-link is-small lowercase\" rel=\"noopener\" >\n\t\t<span>Ana Alicia Nogalo, Escuela Secundaria \u201cAntonio Esca\u00f1uela\u201d Colonia Gamarra, Santiago del Estero.<\/span>\n\t<\/a>\n\n<a href=\"https:\/\/www.clayss.org.ar\/seminario\/anteriores\/19_sem_materiales_16\/25_1430_06_AirascaZanini.pptx\" target=\"_blank\" class=\"button alert is-link is-small lowercase\" rel=\"noopener\" >\n\t\t<span>Cecilia Airasca y Roc\u00edo Zanini, Facultad de Ciencias Econ\u00f3micas, UBA.<\/span>\n\t<\/a>\n\n<a href=\"https:\/\/www.clayss.org.ar\/seminario\/anteriores\/19_sem_materiales_16\/25_1430_06_Chile.ppt\" target=\"_blank\" class=\"button alert is-link is-small lowercase\" rel=\"noopener\" >\n\t\t<span>Camila Mi\u00f1o Mu\u00f1oz, Facultad de Econom\u00eda y Negocios, Universidad de Chile.<\/span>\n\t<\/a>\n\n<a href=\"https:\/\/www.clayss.org.ar\/seminario\/anteriores\/19_sem_materiales_16\/25_1430_06_Medrano.pdf\" target=\"_blank\" class=\"button alert is-link is-small lowercase\" rel=\"noopener\" >\n\t\t<span>Maribel Medrano, Facultad de Ingenier\u00eda, Universidad Centroamericana, Nicaragua.<\/span>\n\t<\/a>\n\n<div class=\"bullet-item\" title=\"\"><span class=\"text\">TALLER: Las organizaciones sociales como espacios de aprendizaje solidario. Coordina: Catalina Th\u00f6lke, Coordinadora, CLAYSS sede Uruguay.<\/span><\/div>\n<a href=\"https:\/\/www.clayss.org.ar\/seminario\/anteriores\/19_sem_materiales_16\/25_1430_07_DanaBates.pptx\" target=\"_blank\" class=\"button alert is-link is-small lowercase\" rel=\"noopener\" >\n\t\t<span>Dana Bates, Fundaci\u00f3n Nuevos Horizontes, Rumania.<\/span>\n\t<\/a>\n\n<a href=\"https:\/\/www.clayss.org.ar\/seminario\/anteriores\/19_sem_materiales_16\/25_1430_07_Ashoka.pdf\" target=\"_blank\" class=\"button alert is-link is-small lowercase\" rel=\"noopener\" >\n\t\t<span>Mar\u00eda Merola, Escuelas Transformadoras, Ashoka Argentina.<\/span>\n\t<\/a>\n\n<a href=\"https:\/\/www.clayss.org.ar\/seminario\/anteriores\/19_sem_materiales_16\/25_1430_07_Regina.ppt\" target=\"_blank\" class=\"button alert is-link is-small lowercase\" rel=\"noopener\" >\n\t\t<span>Regina Funk, Escuela de Psicolog\u00eda, Universidad Cat\u00f3lica de Chile.<\/span>\n\t<\/a>\n\n<div class=\"bullet-item\" title=\"\"><span class=\"text\">PLENARIO: Tejiendo redes.<\/span><\/div>\n<a href=\"https:\/\/www.clayss.org.ar\/seminario\/anteriores\/19_sem_materiales_16\/25_1700_Redes.ppt\" target=\"_blank\" class=\"button alert is-link is-small lowercase\" rel=\"noopener\" >\n\t\t<span>Presentaci\u00f3n<\/span>\n\t<\/a>\n\n<a class=\"button alert is-link is-small lowercase\" >\n\t\t<span><\/span>\n\t<\/a>\n\n    <\/div>\n      <\/div>\n<\/div>\n\n\n\t\t<\/div>\n\t\t\t\t\t<\/div>\n\n\t\n\n\t<div id=\"col-2009307684\" class=\"col medium-6 small-12 large-6\"  >\n\t\t\t\t<div class=\"col-inner\"  >\n\t\t\t\n\t\t\t\n<div class=\"pricing-table-wrapper\">\n  <div class=\"pricing-table ux_price_table text-center box-shadow-3-hover\">\n    <div class=\"pricing-table-header\">\n      <div class=\"title uppercase strong\">VIERNES<\/div>\n      <div class=\"price is-xxlarge\">26 de Agosto<\/div>\n          <\/div>\n    <div class=\"pricing-table-items items\">\n      \n<div class=\"bullet-item\" title=\"\"><span class=\"text\">PLENARIO: Experiencias ganadoras del Premio Presidencial \u201cEscuelas Solidarias\u201d 2015. Modera: Mar\u00eda Alejandra Herrero, Presidenta, CLAYSS.<\/span><\/div>\n<a href=\"https:\/\/www.clayss.org.ar\/seminario\/anteriores\/19_sem_materiales_16\/26_0900_%20Jujuy.pptx\" target=\"_blank\" class=\"button alert is-link is-small lowercase\" rel=\"noopener\" >\n\t\t<span>Guillermo David Mart\u00ednez Cabrera, Colegio Secundario de Arte N\u00b0 49, Tilcara, Jujuy.<\/span>\n\t<\/a>\n\n<a href=\"https:\/\/youtu.be\/N11BsT5ogAU?list=PLOHLq86FFE87-QqlBZb3RGASqMXdG72mC\" target=\"_blank\" class=\"button alert is-link is-small lowercase\" rel=\"noopener\" >\n\t\t<span>video<\/span>\n\t<\/a>\n\n<a href=\"https:\/\/youtu.be\/lAr_1bFDk_U?list=PLOHLq86FFE87-QqlBZb3RGASqMXdG72mC\" target=\"_blank\" class=\"button alert is-link is-small lowercase\" rel=\"noopener\" >\n\t\t<span>Mar\u00eda Luisa Pemberton, Escuela N\u00ba 7708 (ex 791) \u2013 Unidad Penitenciaria N\u00ba 14, Esquel, Chubut. (video)<\/span>\n\t<\/a>\n\n<a href=\"https:\/\/youtu.be\/VX4cX3yIBM0?list=PLOHLq86FFE87-QqlBZb3RGASqMXdG72mC\" target=\"_blank\" class=\"button alert is-link is-small lowercase\" rel=\"noopener\" >\n\t\t<span>Lorelei Villega, Escuela N\u00ba 4-055 \u201cPresb\u00edtero Constantino Spagnolo\u201d, Jun\u00edn, Mendoza. (video)<\/span>\n\t<\/a>\n\n<a href=\"https:\/\/youtu.be\/WNsa36uz4V4?list=PLOHLq86FFE87-QqlBZb3RGASqMXdG72mC\" target=\"_blank\" class=\"button alert is-link is-small lowercase\" rel=\"noopener\" >\n\t\t<span>Comentario a las experiencias: In\u00e9s Aguerrondo. (video)<\/span>\n\t<\/a>\n\n<div class=\"bullet-item\" title=\"\"><span class=\"text\">PLENARIO: Pol\u00edticas p\u00fablicas de promoci\u00f3n del aprendizaje-servicio. Modera y comenta: Ignacio Hernaiz, Director Oficina OEI Uruguay.<\/span><\/div>\n<a href=\"https:\/\/www.clayss.org.ar\/seminario\/anteriores\/19_sem_materiales_16\/26_1130_MEC.ppt\" target=\"_blank\" class=\"button alert is-link is-small lowercase\" rel=\"noopener\" >\n\t\t<span>Rosita In\u00e9s \u00c1ngelo, Directora de Educaci\u00f3n de la Rep\u00fablica Oriental del Uruguay.<\/span>\n\t<\/a>\n\n<a href=\"https:\/\/youtu.be\/s_hNt6xEyaU\" target=\"_blank\" class=\"button alert is-link is-small lowercase\" rel=\"noopener\" >\n\t\t<span>video<\/span>\n\t<\/a>\n\n<a href=\"https:\/\/www.clayss.org.ar\/seminario\/anteriores\/19_sem_materiales_16\/26_1130_INCITAR.pdf\" target=\"_blank\" class=\"button alert is-link is-small lowercase\" rel=\"noopener\" >\n\t\t<span>\u00d3scar S\u00e1nchez y Gustavo Schujman, Programa Incitar, Bogot\u00e1, Colombia.<\/span>\n\t<\/a>\n\n<a href=\"https:\/\/youtu.be\/g2hChDxRvkM\" target=\"_blank\" class=\"button alert is-link is-small lowercase\" rel=\"noopener\" >\n\t\t<span>video 1<\/span>\n\t<\/a>\n\n<a href=\"https:\/\/youtu.be\/Xy_qIBWxZDc\" target=\"_blank\" class=\"button alert is-link is-small lowercase\" rel=\"noopener\" >\n\t\t<span>video 2<\/span>\n\t<\/a>\n\n<a href=\"https:\/\/www.clayss.org.ar\/seminario\/anteriores\/20_sem_materiales_17\/V25-m_Redes_Rease.pdf\" target=\"_blank\" class=\"button alert is-link is-small lowercase\" rel=\"noopener\" >\n\t\t<span>Fernando de Almeida, Secretar\u00eda de Educaci\u00f3n de San Pablo, Brasil.<\/span>\n\t<\/a>\n\n<a href=\"https:\/\/youtu.be\/KAzyXLEQwoU\" target=\"_blank\" class=\"button alert is-link is-small lowercase\" rel=\"noopener\" >\n\t\t<span>video<\/span>\n\t<\/a>\n\n<div class=\"bullet-item\" title=\"\"><span class=\"text\">SESIONES SIMULT\u00c1NEAS PARA ESCUELAS, UNIVERSIDADES Y ORGANIZACIONES<\/span><\/div>\n<div class=\"bullet-item\" title=\"\"><span class=\"text\">TALLER: Espacio de consulta e intercambio entre pares: El itinerario de los proyectos de aprendizaje-servicio en la experiencia latinoamericana.Coordinan: Luz Avruj, Coordinadora de capacitaci\u00f3n de CLAYSS. Mar\u00eda del Carmen Trincado, CLAYSS.<\/span><\/div>\n<a href=\"https:\/\/www.clayss.org.ar\/seminario\/anteriores\/19_sem_materiales_16\/26_1430_08_Alvaro.ppt\" target=\"_blank\" class=\"button alert is-link is-small lowercase\" rel=\"noopener\" >\n\t\t<span>Invitado: \u00c1lvaro Ugue\u00f1o, Universidad Cat\u00f3lica de Temuco, Chile.<\/span>\n\t<\/a>\n\n<div class=\"bullet-item\" title=\"\"><span class=\"text\">PANEL: Aprendizaje-servicio solidario en contextos de vulnerabilidad social.<\/span><\/div>\n<a href=\"https:\/\/www.clayss.org.ar\/seminario\/anteriores\/19_sem_materiales_16\/26_1430_09_%20Ierullo.ppt\" target=\"_blank\" class=\"button alert is-link is-small lowercase\" rel=\"noopener\" >\n\t\t<span>Modera: Mart\u00edn Ierullo, CLAYSS.<\/span>\n\t<\/a>\n\n<a href=\"https:\/\/www.clayss.org.ar\/seminario\/anteriores\/19_sem_materiales_16\/26_1430_09_CnelJuanSola.pptx\" target=\"_blank\" class=\"button alert is-link is-small lowercase\" rel=\"noopener\" >\n\t\t<span>Diego Gonz\u00e1lez, Escuela de Educaci\u00f3n T\u00e9cnica N\u00ba 5127 \u201cJusto Pastor Santa Cruz\u201d, Coronel Juan Sol\u00e1, Salta.<\/span>\n\t<\/a>\n\n<a href=\"https:\/\/www.clayss.org.ar\/seminario\/anteriores\/19_sem_materiales_16\/26_1430_09_Salvo.ppt\" target=\"_blank\" class=\"button alert is-link is-small lowercase\" rel=\"noopener\" >\n\t\t<span>Ayel\u00e9n Salvo Gonz\u00e1lez, Escuela de Ciencias de la Salud, Universidad Cat\u00f3lica de Temuco, Chile.<\/span>\n\t<\/a>\n\n<a href=\"https:\/\/www.clayss.org.ar\/seminario\/anteriores\/19_sem_materiales_16\/26_1430_09_%20EPeregalli-Scarsi-Hermida.ppt\" target=\"_blank\" class=\"button alert is-link is-small lowercase\" rel=\"noopener\" >\n\t\t<span>Andr\u00e9s Peregalli De Palleja y Victoria Scarsi, Facultad de Ciencias Sociales, Universidad Cat\u00f3lica Argentina y Escuela Secundaria Madre del Pueblo.<\/span>\n\t<\/a>\n\n<div class=\"bullet-item\" title=\"\"><span class=\"text\">PANEL: Aprendizaje-servicio solidario y cuidado del medio ambiente. Modera: Jorge Sosa, CLAYSS.<\/span><\/div>\n<a href=\"https:\/\/www.clayss.org.ar\/seminario\/anteriores\/20_sem_materiales_17\/V25-t_11_panel.pdf\" target=\"_blank\" class=\"button alert is-link is-small lowercase\" rel=\"noopener\" >\n\t\t<span>Modera: Mart\u00edn Ierullo (CLAYSS).<\/span>\n\t<\/a>\n\n<a href=\"https:\/\/www.clayss.org.ar\/seminario\/anteriores\/21_sem_materiales_18\/v24-t-taller15-jmestrada.pdf\" target=\"_blank\" class=\"button alert is-link is-small lowercase\" rel=\"noopener\" >\n\t\t<span><\/span>\n\t<\/a>\n\n<a href=\"https:\/\/www.clayss.org.ar\/seminario\/anteriores\/20_sem_materiales_17\/V25-t_11_demiguel.pdf\" target=\"_blank\" class=\"button alert is-link is-small lowercase\" rel=\"noopener\" >\n\t\t<span><\/span>\n\t<\/a>\n\n<a href=\"https:\/\/www.clayss.org.ar\/seminario\/anteriores\/19_sem_materiales_16\/26_1430_10_Futalauf.pptx\" target=\"_blank\" class=\"button alert is-link is-small lowercase\" rel=\"noopener\" >\n\t\t<span>Ren\u00e9 Barriga, CEM N\u00b0 44, Bariloche, R\u00edo Negro. Gustavo Boris, Escuela N\u00ba25 \u201cDelia Medeci de Chayep\u201d, Villa Futalufquen, Chubut.<\/span>\n\t<\/a>\n\n<a href=\"https:\/\/www.clayss.org.ar\/seminario\/anteriores\/19_sem_materiales_16\/26_1430_10_CHILE.pdf\" target=\"_blank\" class=\"button alert is-link is-small lowercase\" rel=\"noopener\" >\n\t\t<span>Edna Barrientos y Paulina Salas, Facultad de Ciencias, Universidad Cat\u00f3lica de la Sant\u00edsima Concepci\u00f3n, Chile.<\/span>\n\t<\/a>\n\n<a href=\"https:\/\/www.clayss.org.ar\/seminario\/anteriores\/19_sem_materiales_16\/25_1430_%2003_Rurales.pdf\" target=\"_blank\" class=\"button alert is-link is-small lowercase\" rel=\"noopener\" >\n\t\t<span>Mar\u00eda Ximena Arqueros, Facultad de Agronom\u00eda, Universidad de Buenos Aires.<\/span>\n\t<\/a>\n\n<div class=\"bullet-item\" title=\"\"><span class=\"text\">PANEL: Aprendizaje-servicio solidario y ciencias de la salud. Modera: Marcela Mart\u00ednez Vivot, UBA-CLAYSS.<\/span><\/div>\n<a href=\"https:\/\/www.clayss.org.ar\/seminario\/anteriores\/19_sem_materiales_16\/26_1430_11_Teran.pdf\" target=\"_blank\" class=\"button alert is-link is-small lowercase\" rel=\"noopener\" >\n\t\t<span>Enrique Ter\u00e1n, CONICET-Colegio Pablo Ap\u00f3stol, Yerba Buena, Tucum\u00e1n.<\/span>\n\t<\/a>\n\n<a href=\"https:\/\/www.clayss.org.ar\/seminario\/anteriores\/19_sem_materiales_16\/26_1430_11_Chile.pdf\" target=\"_blank\" class=\"button alert is-link is-small lowercase\" rel=\"noopener\" >\n\t\t<span>Gilda Tolosa Jara, Escuela de Enfermer\u00eda, Universidad Santo Tom\u00e1s, sede Santiago de Chile.<\/span>\n\t<\/a>\n\n<a href=\"https:\/\/www.clayss.org.ar\/seminario\/anteriores\/19_sem_materiales_16\/26_1430_11_Henriquez.pdf\" target=\"_blank\" class=\"button alert is-link is-small lowercase\" rel=\"noopener\" >\n\t\t<span>Aurora Henriquez, Escuela de Enfermer\u00eda, Universidad del B\u00edo B\u00edo, Chile.<\/span>\n\t<\/a>\n\n<div class=\"bullet-item\" title=\"\"><span class=\"text\">PANEL: Aprendizaje-servicio solidario, ciencia y tecnolog\u00eda. Modera: Ana Scala, Coordinadora, CLAYSS Sede Uruguay.<\/span><\/div>\n<a href=\"https:\/\/www.clayss.org.ar\/seminario\/anteriores\/19_sem_materiales_16\/26_1430_12_Uruguay.pptx\" target=\"_blank\" class=\"button alert is-link is-small lowercase\" rel=\"noopener\" >\n\t\t<span>Eduardo Ram\u00edrez, Liceo Nro.1 \u201cMiguel Rubino\u201d, Durazno, Uruguay.<\/span>\n\t<\/a>\n\n<a href=\"https:\/\/www.clayss.org.ar\/seminario\/anteriores\/19_sem_materiales_16\/26_1430_12_N50.pdf\" target=\"_blank\" class=\"button alert is-link is-small lowercase\" rel=\"noopener\" >\n\t\t<span>Cecilia P\u00e9rez Gandolfo, Instituto Provincial de Educaci\u00f3n T\u00e9cnica N\u00ba 50 \u201cIng. E. F. Olmos\u201d. San Francisco, C\u00f3rdoba.<\/span>\n\t<\/a>\n\n<a href=\"https:\/\/www.clayss.org.ar\/seminario\/anteriores\/19_sem_materiales_16\/26_1430_12_Toledo.pptx\" target=\"_blank\" class=\"button alert is-link is-small lowercase\" rel=\"noopener\" >\n\t\t<span>Carolina Valenzuela Toledo, Facultad de Ciencias de la Educaci\u00f3n, Universidad Central de Chile.<\/span>\n\t<\/a>\n\n<a href=\"https:\/\/www.clayss.org.ar\/seminario\/anteriores\/19_sem_materiales_16\/26_1430_12_Iribarren.pdf\" target=\"_blank\" class=\"button alert is-link is-small lowercase\" rel=\"noopener\" >\n\t\t<span>Mariela Iribarren y Jos\u00e9 Luis Weisman, Facultad de Ingenier\u00eda, UBA.<\/span>\n\t<\/a>\n\n<div class=\"bullet-item\" title=\"\"><span class=\"text\">Aprendizaje-servicio solidario en el campo de las Ciencias Sociales y la formaci\u00f3n para la ciudadan\u00eda activa. Modera: Diego Manrique, CLAYSS.<\/span><\/div>\n<a href=\"https:\/\/www.clayss.org.ar\/seminario\/anteriores\/19_sem_materiales_16\/26_1430_13_LIEBIG.ppt\" target=\"_blank\" class=\"button alert is-link is-small lowercase\" rel=\"noopener\" >\n\t\t<span>Marta Udrizard, Escuela Secundaria N\u00b011 \u201cHip\u00f3lito Vieytes\u201d, Pueblo Liebig, Entre R\u00edos.<\/span>\n\t<\/a>\n\n<a href=\"https:\/\/www.clayss.org.ar\/seminario\/anteriores\/19_sem_materiales_16\/26_1430_13_Soriano.pdf\" target=\"_blank\" class=\"button alert is-link is-small lowercase\" rel=\"noopener\" >\n\t\t<span>Mari\u00e1ngeles Bugani, Escuela Rural N\u00b0 85 Altos del Perdido, Soriano, Uruguay.<\/span>\n\t<\/a>\n\n<a href=\"https:\/\/www.clayss.org.ar\/seminario\/anteriores\/19_sem_materiales_16\/26_1430_13_MENDOZA.pdf\" target=\"_blank\" class=\"button alert is-link is-small lowercase\" rel=\"noopener\" >\n\t\t<span>Hilda Ester Borchio y Paula Massoni, Escuela N\u00ba 4-084 \u201cLibertador Sim\u00f3n Bol\u00edvar\u201d, Gral. San Mart\u00edn, Mendoza.<\/span>\n\t<\/a>\n\n<a href=\"https:\/\/www.clayss.org.ar\/seminario\/anteriores\/19_sem_materiales_16\/26_1430_13_Nicaragua.pdf\" target=\"_blank\" class=\"button alert is-link is-small lowercase\" rel=\"noopener\" >\n\t\t<span>Kathy Murillo Acu\u00f1a, Facultad de Ciencias Econ\u00f3micas y Empresariales, Universidad Centroamericana, Nicaragua.<\/span>\n\t<\/a>\n\n<div class=\"bullet-item\" title=\"\"><span class=\"text\">Aprendizaje-servicio solidario en el campo de la Comunicaci\u00f3n, las Artes y el Dise\u00f1o. Moderan: Pablo Buj\u00e1n, PNES-CLAYSS, Paula Bas\u00edlico, CLAYSS.<\/span><\/div>\n<a href=\"https:\/\/www.clayss.org.ar\/seminario\/anteriores\/19_sem_materiales_16\/26_1430_14_Escuela4.pptx\" target=\"_blank\" class=\"button alert is-link is-small lowercase\" rel=\"noopener\" >\n\t\t<span>M\u00f3nica Sumaran, Escuela N\u00ba 4-004 \u201cMercedes Segura\u201d, San Rafael, Mendoza.<\/span>\n\t<\/a>\n\n<a href=\"https:\/\/www.clayss.org.ar\/seminario\/anteriores\/19_sem_materiales_16\/26_1430_14_OQM.pdf\" target=\"_blank\" class=\"button alert is-link is-small lowercase\" rel=\"noopener\" >\n\t\t<span>Mirta Doria, Escuela p\u00fablica de gesti\u00f3n ind\u00edgena, Resistencia, Chaco.<\/span>\n\t<\/a>\n\n<a href=\"https:\/\/www.clayss.org.ar\/seminario\/anteriores\/19_sem_materiales_16\/26_1430_14_LAPlata.ppt\" target=\"_blank\" class=\"button alert is-link is-small lowercase\" rel=\"noopener\" >\n\t\t<span>Carlos Pinto, Lenguaje Visual 3, Universidad de La Plata. Luc\u00eda de Lisi, FADU, UBA.<\/span>\n\t<\/a>\n\n    <\/div>\n      <\/div>\n<\/div>\n\n\n\t\t<\/div>\n\t\t\t\t\t<\/div>\n\n\t\n<\/div>\n<div class=\"video video-fit mb\" style=\"padding-top:56.25%;\"><p><iframe loading=\"lazy\" title=\"Prof. Nieves Tapia - El aprendizaje y servicio solidario como innovaci\u00f3n pedag\u00f3gica (Parte 1)\" width=\"1020\" height=\"574\" src=\"https:\/\/www.youtube.com\/embed\/al9_3nRQ3rA?feature=oembed\" frameborder=\"0\" allow=\"accelerometer; autoplay; clipboard-write; encrypted-media; gyroscope; picture-in-picture; web-share\" referrerpolicy=\"strict-origin-when-cross-origin\" allowfullscreen><\/iframe><\/p>\n<\/div>\n\t\t<\/div>\n\t\t\t\t\n<style>\n#col-1608882969 > .col-inner {\n  padding: 60px 0px 0px 0px;\n}\n<\/style>\n\t<\/div>\n\n\t\n<\/div>\n","protected":false},"excerpt":{"rendered":"","protected":false},"author":4,"featured_media":0,"parent":0,"menu_order":0,"comment_status":"closed","ping_status":"closed","template":"page-blank.php","meta":{"_monsterinsights_skip_tracking":false,"_monsterinsights_sitenote_active":false,"_monsterinsights_sitenote_note":"","_monsterinsights_sitenote_category":0,"iawp_total_views":2,"footnotes":""},"class_list":["post-5075","page","type-page","status-publish","hentry"],"yoast_head":"<!-- This site is optimized with the Yoast SEO plugin v27.5 - https:\/\/yoast.com\/product\/yoast-seo-wordpress\/ -->\n<title>materials 19th - CLAYSS<\/title>\n<meta name=\"robots\" content=\"index, follow, max-snippet:-1, max-image-preview:large, max-video-preview:-1\" \/>\n<link rel=\"canonical\" href=\"https:\/\/test.clayss.org\/materiales-19-seminario\/\" \/>\n<meta property=\"og:locale\" content=\"en_US\" \/>\n<meta property=\"og:type\" content=\"article\" \/>\n<meta property=\"og:title\" content=\"materials 19th - CLAYSS\" \/>\n<meta property=\"og:url\" content=\"https:\/\/test.clayss.org\/materiales-19-seminario\/\" \/>\n<meta property=\"og:site_name\" content=\"CLAYSS\" \/>\n<meta property=\"article:modified_time\" content=\"2024-07-25T05:51:14+00:00\" \/>\n<meta name=\"twitter:card\" content=\"summary_large_image\" \/>\n<meta name=\"twitter:label1\" content=\"Est. reading time\" \/>\n\t<meta name=\"twitter:data1\" content=\"8 minutes\" \/>\n<script type=\"application\/ld+json\" class=\"yoast-schema-graph\">{\"@context\":\"https:\\\/\\\/schema.org\",\"@graph\":[{\"@type\":\"WebPage\",\"@id\":\"https:\\\/\\\/test.clayss.org\\\/materiales-19-seminario\\\/\",\"url\":\"https:\\\/\\\/test.clayss.org\\\/materiales-19-seminario\\\/\",\"name\":\"materials 19th - CLAYSS\",\"isPartOf\":{\"@id\":\"https:\\\/\\\/test.clayss.org\\\/#website\"},\"datePublished\":\"2024-07-05T15:23:52+00:00\",\"dateModified\":\"2024-07-25T05:51:14+00:00\",\"breadcrumb\":{\"@id\":\"https:\\\/\\\/test.clayss.org\\\/materiales-19-seminario\\\/#breadcrumb\"},\"inLanguage\":\"en-US\",\"potentialAction\":[{\"@type\":\"ReadAction\",\"target\":[\"https:\\\/\\\/test.clayss.org\\\/materiales-19-seminario\\\/\"]}]},{\"@type\":\"BreadcrumbList\",\"@id\":\"https:\\\/\\\/test.clayss.org\\\/materiales-19-seminario\\\/#breadcrumb\",\"itemListElement\":[{\"@type\":\"ListItem\",\"position\":1,\"name\":\"Portada\",\"item\":\"https:\\\/\\\/test.clayss.org\\\/en\\\/\"},{\"@type\":\"ListItem\",\"position\":2,\"name\":\"materials 19th\"}]},{\"@type\":\"WebSite\",\"@id\":\"https:\\\/\\\/test.clayss.org\\\/#website\",\"url\":\"https:\\\/\\\/test.clayss.org\\\/\",\"name\":\"CLAYSS\",\"description\":\"\",\"potentialAction\":[{\"@type\":\"SearchAction\",\"target\":{\"@type\":\"EntryPoint\",\"urlTemplate\":\"https:\\\/\\\/test.clayss.org\\\/?s={search_term_string}\"},\"query-input\":{\"@type\":\"PropertyValueSpecification\",\"valueRequired\":true,\"valueName\":\"search_term_string\"}}],\"inLanguage\":\"en-US\"}]}<\/script>\n<!-- \/ Yoast SEO plugin. -->","yoast_head_json":{"title":"materials 19th - CLAYSS","robots":{"index":"index","follow":"follow","max-snippet":"max-snippet:-1","max-image-preview":"max-image-preview:large","max-video-preview":"max-video-preview:-1"},"canonical":"https:\/\/test.clayss.org\/materiales-19-seminario\/","og_locale":"en_US","og_type":"article","og_title":"materials 19th - CLAYSS","og_url":"https:\/\/test.clayss.org\/materiales-19-seminario\/","og_site_name":"CLAYSS","article_modified_time":"2024-07-25T05:51:14+00:00","twitter_card":"summary_large_image","twitter_misc":{"Est. reading time":"8 minutes"},"schema":{"@context":"https:\/\/schema.org","@graph":[{"@type":"WebPage","@id":"https:\/\/test.clayss.org\/materiales-19-seminario\/","url":"https:\/\/test.clayss.org\/materiales-19-seminario\/","name":"materials 19th - CLAYSS","isPartOf":{"@id":"https:\/\/test.clayss.org\/#website"},"datePublished":"2024-07-05T15:23:52+00:00","dateModified":"2024-07-25T05:51:14+00:00","breadcrumb":{"@id":"https:\/\/test.clayss.org\/materiales-19-seminario\/#breadcrumb"},"inLanguage":"en-US","potentialAction":[{"@type":"ReadAction","target":["https:\/\/test.clayss.org\/materiales-19-seminario\/"]}]},{"@type":"BreadcrumbList","@id":"https:\/\/test.clayss.org\/materiales-19-seminario\/#breadcrumb","itemListElement":[{"@type":"ListItem","position":1,"name":"Portada","item":"https:\/\/test.clayss.org\/en\/"},{"@type":"ListItem","position":2,"name":"materials 19th"}]},{"@type":"WebSite","@id":"https:\/\/test.clayss.org\/#website","url":"https:\/\/test.clayss.org\/","name":"CLAYSS","description":"","potentialAction":[{"@type":"SearchAction","target":{"@type":"EntryPoint","urlTemplate":"https:\/\/test.clayss.org\/?s={search_term_string}"},"query-input":{"@type":"PropertyValueSpecification","valueRequired":true,"valueName":"search_term_string"}}],"inLanguage":"en-US"}]}},"_links":{"self":[{"href":"https:\/\/test.clayss.org\/en\/wp-json\/wp\/v2\/pages\/5075","targetHints":{"allow":["GET"]}}],"collection":[{"href":"https:\/\/test.clayss.org\/en\/wp-json\/wp\/v2\/pages"}],"about":[{"href":"https:\/\/test.clayss.org\/en\/wp-json\/wp\/v2\/types\/page"}],"author":[{"embeddable":true,"href":"https:\/\/test.clayss.org\/en\/wp-json\/wp\/v2\/users\/4"}],"replies":[{"embeddable":true,"href":"https:\/\/test.clayss.org\/en\/wp-json\/wp\/v2\/comments?post=5075"}],"version-history":[{"count":2,"href":"https:\/\/test.clayss.org\/en\/wp-json\/wp\/v2\/pages\/5075\/revisions"}],"predecessor-version":[{"id":5077,"href":"https:\/\/test.clayss.org\/en\/wp-json\/wp\/v2\/pages\/5075\/revisions\/5077"}],"wp:attachment":[{"href":"https:\/\/test.clayss.org\/en\/wp-json\/wp\/v2\/media?parent=5075"}],"curies":[{"name":"wp","href":"https:\/\/api.w.org\/{rel}","templated":true}]}}